{"id":91,"date":"2017-01-08T13:16:32","date_gmt":"2017-01-08T13:16:32","guid":{"rendered":"http:\/\/www.apotheke-fuessen.de\/neu\/?page_id=91"},"modified":"2021-02-21T23:16:30","modified_gmt":"2021-02-21T22:16:30","slug":"impressum","status":"publish","type":"page","link":"http:\/\/www.apotheke-fuessen.de\/index.php\/impressum\/","title":{"rendered":"Impressum"},"content":{"rendered":"<table>\n<tbody>\n<tr>\n<td>Apotheke:<\/td>\n<td>Drei Tannen Apotheke F\u00fcssen<\/td>\n<\/tr>\n<tr>\n<td>Apothekerin:<\/td>\n<td>Julia Hierl e.Kfr.<\/td>\n<\/tr>\n<tr>\n<td>Anschrift:<\/td>\n<td>Welfenstra\u00dfe 1, 87629 F\u00fcssen-West<\/td>\n<\/tr>\n<tr>\n<td>Telefon:<\/td>\n<td>08362\/6747<\/td>\n<\/tr>\n<tr>\n<td>Telefax:<\/td>\n<td>08362\/940236<\/td>\n<\/tr>\n<tr>\n<td>Internetpr\u00e4senz:<\/td>\n<td><a href=\"http:\/\/www.xn--apotheke-fssen-psb.de\/\">www.apotheke-f\u00fcssen.de<\/a><\/td>\n<\/tr>\n<tr>\n<td>E-Mail:<\/td>\n<td><a href=\"mailto:apotheke-3-tannen@t-online.de\">apotheke-3-tannen@t-online.de<\/a><\/td>\n<\/tr>\n<\/tbody>\n<\/table>\n<h3>Apothekendaten<\/h3>\n<table>\n<tbody>\n<tr>\n<td>Zust\u00e4ndige Apothekerkammer:<\/td>\n<td>Bayerische Landesapothekerkammer<\/td>\n<\/tr>\n<tr>\n<td>Zust\u00e4ndige Aufsichtsbeh\u00f6rde:<\/td>\n<td>Landratsamt Ostallg\u00e4u<\/td>\n<\/tr>\n<tr>\n<td>Handelsregister \/ HR-NR.:<\/td>\n<td>Amtsgericht Kempten\/HRA 9294<\/td>\n<\/tr>\n<tr>\n<td>Umsatzsteuer-Identifikationsnummer gem\u00e4\u00df \u00a727a Umsatzsteuergesetz:<\/td>\n<td>DE 815264553<\/td>\n<\/tr>\n<\/tbody>\n<\/table>\n<h3>Allgemeine Daten<\/h3>\n<table>\n<tbody>\n<tr>\n<td>Gesetzliche Berufsbezeichnung:<\/td>\n<td>Apotheker<\/td>\n<\/tr>\n<tr>\n<td>Staat, in dem die Berufsbezeichnung verliehen wurde:<\/td>\n<td>Deutschland<\/td>\n<\/tr>\n<tr>\n<td>Bezeichnung der berufsrechtlichen Regelungen (Berufsordnung):<\/td>\n<td>Berufsordnung f\u00fcr Apothekerinnen und Apotheker der Apothekerkammer<\/td>\n<\/tr>\n<tr>\n<td>Wie ist die Berufsordnung zug\u00e4nglich?<\/td>\n<td>Die Berufsordnung f\u00fcr Apothekerinnen und Apotheker ist \u00f6ffentlich zug\u00e4nglich \u00fcber die Bayerische Landesapothekenkammer unter <a href=\"http:\/\/www.blak.de\/\" target=\"_blank\" rel=\"noopener\">www.blak.de<\/a><\/td>\n<\/tr>\n<tr>\n<td>Inhaltlich Verantwortlicher gem\u00e4\u00df \u00a710 Absatz 3 MDStV<\/td>\n<td>Julia Hierl (Anschrift s.o.)<\/td>\n<\/tr>\n<\/tbody>\n<\/table>\n","protected":false},"excerpt":{"rendered":"<p>Apotheke: Drei Tannen Apotheke F\u00fcssen Apothekerin: Julia Hierl e.Kfr. Anschrift: Welfenstra\u00dfe 1, 87629 F\u00fcssen-West Telefon: 08362\/6747 Telefax: 08362\/940236 Internetpr\u00e4senz: www.apotheke-f\u00fcssen.de E-Mail: apotheke-3-tannen@t-online.de Apothekendaten Zust\u00e4ndige Apothekerkammer: Bayerische Landesapothekerkammer Zust\u00e4ndige Aufsichtsbeh\u00f6rde: Landratsamt Ostallg\u00e4u Handelsregister \/ HR-NR.: Amtsgericht Kempten\/HRA 9294 Umsatzsteuer-Identifikationsnummer gem\u00e4\u00df \u00a727a Umsatzsteuergesetz: DE 815264553 Allgemeine Daten Gesetzliche Berufsbezeichnung: Apotheker Staat, in dem die Berufsbezeichnung verliehen wurde: &hellip; <a href=\"http:\/\/www.apotheke-fuessen.de\/index.php\/impressum\/\" class=\"more-link\"><span class=\"screen-reader-text\">Impressum<\/span> weiterlesen <span class=\"meta-nav\">&rarr;<\/span><\/a><\/p>\n","protected":false},"author":1,"featured_media":0,"parent":0,"menu_order":5,"comment_status":"closed","ping_status":"closed","template":"","meta":{"footnotes":""},"class_list":["post-91","page","type-page","status-publish","hentry"],"_links":{"self":[{"href":"http:\/\/www.apotheke-fuessen.de\/index.php\/wp-json\/wp\/v2\/pages\/91","targetHints":{"allow":["GET"]}}],"collection":[{"href":"http:\/\/www.apotheke-fuessen.de\/index.php\/wp-json\/wp\/v2\/pages"}],"about":[{"href":"http:\/\/www.apotheke-fuessen.de\/index.php\/wp-json\/wp\/v2\/types\/page"}],"author":[{"embeddable":true,"href":"http:\/\/www.apotheke-fuessen.de\/index.php\/wp-json\/wp\/v2\/users\/1"}],"replies":[{"embeddable":true,"href":"http:\/\/www.apotheke-fuessen.de\/index.php\/wp-json\/wp\/v2\/comments?post=91"}],"version-history":[{"count":12,"href":"http:\/\/www.apotheke-fuessen.de\/index.php\/wp-json\/wp\/v2\/pages\/91\/revisions"}],"predecessor-version":[{"id":409,"href":"http:\/\/www.apotheke-fuessen.de\/index.php\/wp-json\/wp\/v2\/pages\/91\/revisions\/409"}],"wp:attachment":[{"href":"http:\/\/www.apotheke-fuessen.de\/index.php\/wp-json\/wp\/v2\/media?parent=91"}],"curies":[{"name":"wp","href":"https:\/\/api.w.org\/{rel}","templated":true}]}}