{"id":405,"date":"2021-02-21T23:14:59","date_gmt":"2021-02-21T22:14:59","guid":{"rendered":"http:\/\/www.apotheke-fuessen.de\/?page_id=405"},"modified":"2021-02-21T23:17:02","modified_gmt":"2021-02-21T22:17:02","slug":"datenschutzerklaerung","status":"publish","type":"page","link":"http:\/\/www.apotheke-fuessen.de\/index.php\/datenschutzerklaerung\/","title":{"rendered":"Datenschutzerkl\u00e4rung"},"content":{"rendered":"\n<h2 class=\"wp-block-heading\" id=\"block-d62f21d5-0dd0-4f4d-9fdf-aa5ef461502f\">Datenschutzerkl\u00e4rung nach den Vorgaben der DSGVO<\/h2>\n\n\n\n<p id=\"block-e78011a9-cdc8-4487-b522-4f9eefea50fc\">Wir freuen uns \u00fcber Ihr Interesse an unserer Internetpr\u00e4senz. Der Schutz Ihrer Privatsph\u00e4re ist f\u00fcr uns nat\u00fcrlich wichtig. Hier informieren wir Sie ausf\u00fchrlich \u00fcber den Umgang mit Ihren Daten.<\/p>\n\n\n\n<ol class=\"wp-block-list\" id=\"block-c134b653-6668-4017-92a2-654e216aabe9\"><li><strong>Name und Anschrift der Verantwortlichen<\/strong><br><br>Die Verantwortliche im Sinne der Datenschutz-Grundverordnung und anderer nationaler Datenschutzgesetze der Mitgliedsstaaten sowie sonstiger datenschutzrechtlicher Bestimmungen ist die:<\/li><\/ol>\n\n\n\n<p id=\"block-3a5ab11a-aa14-4952-9f6d-d21fda24a4e5\">Drei Tannen Apotheke<br>Inhaberin: Frau Julia Hierl e.Kfr.<\/p>\n\n\n\n<p id=\"block-2874bb44-76e7-4808-af98-faae65d65590\">Welfenstr. 1<br>87629 F\u00fcssen<br>Deutschland<br>Telefon: 08362 6747<br>E-Mail: apotheke-3-tannen@t-online.de<\/p>\n\n\n\n<ul class=\"wp-block-list\" id=\"block-f43ac9b5-6511-4149-9a78-980f37c73442\"><li>Name und Anschrift des Datenschutzbeauftragten<\/li><\/ul>\n\n\n\n<p id=\"block-e630e29c-a68a-4bd6-bbc0-18ca35729a18\">Der Datenschutzbeauftragte des Verantwortlichen ist:<\/p>\n\n\n\n<p id=\"block-33c789e5-15db-42a4-9528-321a175ddd1c\">Daniel Hierl<br>Welfenstr. 1<br>87629 F\u00fcssen<br>Deutschland<br>Telefon: 08362 6747<br>E-Mail: apotheke-3-tannen@t-online.de<\/p>\n\n\n\n<p id=\"block-1f3b205b-2a5c-40d7-8bf3-b6738e750a91\">2. <strong>Allgemeines zur Datenverarbeitung<\/strong><\/p>\n\n\n\n<ul class=\"wp-block-list\" id=\"block-2c24d1de-ff3a-4bb5-9dd0-c8370ba2a879\"><li>Umfang der Verarbeitung personenbezogener Daten:<br>Wir erheben und verwenden personenbezogene Daten unserer Nutzer grunds\u00e4tzlich nur, wenn dies zur Bereitstellung einer funktionsf\u00e4higen Website sowie unserer Inhalte und Leistungen erforderlich ist. Die Erhebung und Verwendung personenbezogener Daten unserer Nutzer erfolgt regelm\u00e4\u00dfig nur nach Einwilligung des Nutzers.<br>Eine Ausnahme gilt in solchen F\u00e4llen, in denen eine vorherige Einholung einer Einwilligung aus tats\u00e4chlichen Gr\u00fcnden nicht m\u00f6glich ist und die Verarbeitung der Daten durch gesetzliche Vorschriften gestattet ist.<\/li><li>Rechtsgrundlage f\u00fcr die Verarbeitung personenbezogener Daten: Soweit wir f\u00fcr Verarbeitungsvorg\u00e4nge personenbezogener Daten eine Einwilligung der betroffenen Person einholen, dient Art.&nbsp;6 Abs.&nbsp;1 lit.&nbsp;a EU-Datenschutzgrundverordnung (DSGVO) als Rechtsgrundlage. Bei der Verarbeitung von personenbezogenen Daten, die zur Erf\u00fcllung eines Vertrages, dessen Vertragspartei die betroffene Person ist, erforderlich ist, dient Art.&nbsp;6 Abs.&nbsp;1 lit.&nbsp;b DSGVO als Rechtsgrundlage. Dies gilt auch f\u00fcr Verarbeitungsvorg\u00e4nge, die zur Durchf\u00fchrung vorvertraglicher Ma\u00dfnahmen erforderlich sind. Soweit eine Verarbeitung personenbezogener Daten zur Erf\u00fcllung einer rechtlichen Verpflichtung erforderlich ist, der unser Unternehmen unterliegt, dient Art.&nbsp;6 Abs.&nbsp;1 lit.&nbsp;c DSGVO als Rechtsgrundlage. F\u00fcr den Fall, dass lebenswichtige Interessen der betroffenen Person oder einer anderen nat\u00fcrlichen Person eine Verarbeitung personenbezogener Daten erforderlich machen, dient Art.&nbsp;6 Abs.&nbsp;1 lit.&nbsp;d DSGVO als Rechtsgrundlage. Ist die Verarbeitung zur Wahrung eines berechtigten Interesses unseres Unternehmens oder eines Dritten erforderlich und \u00fcberwiegen die Interessen, Grundrechte und Grundfreiheiten des Betroffenen das erstgenannte Interesse nicht, so dient Art.&nbsp;6 Abs.&nbsp;1 lit.&nbsp;f DSGVO als Rechtsgrundlage f\u00fcr die Verarbeitung. Rechtsgrundlage f\u00fcr die Verarbeitung Ihrer Gesundheitsdaten ist Art.&nbsp;9 Abs.&nbsp;2 lit.&nbsp;h) DSGVO in Verbindung mit Paragraf&nbsp;22 Abs.&nbsp;1 Nr.&nbsp;1 lit.&nbsp;b) Bundesdatenschutzgesetz. Dar\u00fcber hinaus sind wesentliche Rechtsgrundlagen f\u00fcr die Verarbeitung Ihrer Daten das Apothekengesetz, die Apothekenbetriebsordnung sowie das Sozialgesetzbuch V, insbesondere \u00a7 300 SGBV.<\/li><li>Datenl\u00f6schung und Speicherdauer:<br>Die personenbezogenen Daten der betroffenen Person werden gel\u00f6scht oder gesperrt, sobald der Zweck der Speicherung entf\u00e4llt. Eine Speicherung kann dar\u00fcber hinaus erfolgen, wenn dies durch den europ\u00e4ischen oder nationalen Gesetzgeber in unionsrechtlichen Verordnungen, Gesetzen oder sonstigen Vorschriften, denen der Verantwortliche unterliegt, vorgesehen wurde. Eine Sperrung oder L\u00f6schung der Daten erfolgt auch dann, wenn eine durch die genannten Normen vorgeschriebene Speicherfrist abl\u00e4uft, es sei denn, dass eine Erforderlichkeit zur weiteren Speicherung der Daten f\u00fcr einen Vertragsabschluss oder eine Vertragserf\u00fcllung besteht.<\/li><\/ul>\n\n\n\n<p id=\"block-58bbb80b-3a64-4aa7-80b1-3ae433d13bde\"><strong>3. Bereitstellung der Website und Erstellung von Logfiles<\/strong><\/p>\n\n\n\n<ul class=\"wp-block-list\" id=\"block-143ea444-517d-480b-9dde-afdfe9b04f22\"><li>Beschreibung und Umfang der Datenverarbeitung<\/li><\/ul>\n\n\n\n<p id=\"block-b5b903e3-7413-496d-a77c-5e2727cd1b97\">Bei jedem Aufruf unserer Internetseite erfasst unser System automatisiert Daten und Informationen vom Computersystem des aufrufenden Rechners.<\/p>\n\n\n\n<p id=\"block-544aa2fe-997c-45cf-adf3-6bcead211036\">Folgende Daten werden hierbei erhoben:<\/p>\n\n\n\n<p id=\"block-8b54485c-3b78-4e0f-84ff-2294e537853f\">Informationen \u00fcber den Browsertyp und die verwendete Version<br>Betriebssystem des Nutzers<br>IP-Adresse des Nutzers<br>Datum und Uhrzeit des Zugriffs<br>Websites, von denen das System des Nutzers auf unsere Internetseite gelangt<\/p>\n\n\n\n<p id=\"block-972fd087-c464-4388-8f10-778f796e3930\">Die Daten werden ebenfalls in den Logfiles unseres Systems gespeichert. Eine Speicherung dieser Daten zusammen mit anderen personenbezogenen Daten des Nutzers findet nicht statt.<\/p>\n\n\n\n<ul class=\"wp-block-list\" id=\"block-1f725f67-e600-444d-bbd1-adfbbd8d768d\"><li>Rechtsgrundlage f\u00fcr die Datenverarbeitung.: Rechtsgrundlage f\u00fcr die vor\u00fcbergehende Speicherung der Daten und der Logfiles ist Art.&nbsp;6 Abs.&nbsp;1 lit.&nbsp;f DSGVO.<\/li><li>Zweck der Datenverarbeitung:<br>Die vor\u00fcbergehende Speicherung der IP-Adresse durch das System ist notwendig, um eine Auslieferung der Website an den Rechner des Nutzers zu erm\u00f6glichen. Hierf\u00fcr muss die IP-Adresse des Nutzers f\u00fcr die Dauer der Sitzung gespeichert bleiben.Die Speicherung in Logfiles erfolgt, um die Funktionsf\u00e4higkeit der Website sicherzustellen. Zudem dienen uns die Daten zur Optimierung der Website und zur Sicherstellung der Sicherheit unserer informationstechnischen Systeme. Eine Auswertung der Daten zu Marketingzwecken findet in diesem Zusammenhang nicht statt. In diesen Zwecken liegt auch unser berechtigtes Interesse an der Datenverarbeitung nach Art.&nbsp;6 Abs.&nbsp;1 lit.&nbsp;f DSGVO.<\/li><li>Dauer der Speicherung:<br>Die Daten werden gel\u00f6scht, sobald sie f\u00fcr die Erreichung des Zweckes ihrer Erhebung nicht mehr erforderlich sind. Im Falle der Erfassung der Daten zur Bereitstellung der Website ist dies der Fall, wenn die jeweilige Sitzung beendet ist. Im Falle der Speicherung der Daten in Logfiles ist dies nach sp\u00e4testens 90 Tagen der Fall. Eine dar\u00fcberhinausgehende Speicherung ist m\u00f6glich. In diesem Fall werden die IP-Adressen der Nutzer gel\u00f6scht oder verfremdet, sodass eine Zuordnung des aufrufenden Clients nicht mehr m\u00f6glich ist.<\/li><li>Widerspruchs- und Beseitigungsm\u00f6glichkeit:<br>Die Erfassung der Daten zur Bereitstellung der Website und die Speicherung der Daten in Logfiles ist f\u00fcr den Betrieb der Internetseite zwingend erforderlich. Es besteht folglich seitens des Nutzers keine Widerspruchsm\u00f6glichkeit.<\/li><\/ul>\n\n\n\n<p id=\"block-92da7fb1-c4de-4d70-b37b-4672f521bc25\"><strong>4. Verwendung von Cookies<\/strong><\/p>\n\n\n\n<ul class=\"wp-block-list\" id=\"block-ad5b433d-f8e4-4d65-87c7-2c483267b605\"><li>Beschreibung und Umfang der Datenverarbeitung: Unsere Webseite verwendet Cookies. Bei Cookies handelt es sich um Textdateien, die im Internetbrowser bzw. vom Internetbrowser auf dem Computersystem des Nutzers gespeichert werden. Ruft ein Nutzer eine Website auf, so kann ein Cookie auf dem Betriebssystem des Nutzers gespeichert werden. Dieser Cookie enth\u00e4lt eine charakteristische Zeichenfolge, die eine eindeutige Identifizierung des Browsers beim erneuten Aufrufen der Website erm\u00f6glicht.Wir setzen Cookies ein, um unsere Website nutzerfreundlicher zu gestalten. Einige Elemente unserer Internetseite erfordern es, dass der aufrufende Browser auch nach einem Seitenwechsel identifiziert werden kann.In den Cookies werden dabei folgende Daten gespeichert und \u00fcbermittelt:<\/li><\/ul>\n\n\n\n<p id=\"block-94180d1a-cfc8-4500-8efa-93e16fed46da\">Sitzungsinformationen<br>Wir verwenden auf unserer Website dar\u00fcber hinaus Cookies, die eine Analyse des Surfverhaltens der Nutzer erm\u00f6glichen.<br>Auf diese Weise k\u00f6nnen folgende Daten \u00fcbermittelt werden:<br>Inanspruchnahme von Website-Funktionen<br>Die auf diese Weise erhobenen Daten der Nutzer werden durch technische Vorkehrungen pseudonymisiert. Daher ist eine Zuordnung der Daten zum aufrufenden Nutzer nicht mehr m\u00f6glich.<br>Die Daten werden nicht gemeinsam mit sonstigen personenbezogenen Daten der Nutzer gespeichert. Beim Aufruf unserer Website werden die Nutzer durch einen Infobanner \u00fcber die Verwendung von Cookies informiert und auf diese Datenschutzerkl\u00e4rung verwiesen.<br>Es erfolgt in diesem Zusammenhang auch ein Hinweis darauf, wie die Speicherung von Cookies in den Browsereinstellungen unterbunden werden kann.<\/p>\n\n\n\n<ul class=\"wp-block-list\" id=\"block-f1968668-bfb0-4b09-b6b8-874807d1e304\"><li>Rechtsgrundlage f\u00fcr die Datenverarbeitung: Die Rechtsgrundlage f\u00fcr die Verarbeitung personenbezogener Daten unter Verwendung von Cookies ist Art.&nbsp;6 Abs.&nbsp;1 lit.&nbsp;f DSGVO.<br>Die Rechtsgrundlage f\u00fcr die Verarbeitung personenbezogener Daten unter Verwendung technisch notweniger Cookies ist Art.&nbsp;6 Abs.&nbsp;1 lit.&nbsp;f DSGVO.<\/li><\/ul>\n\n\n\n<p id=\"block-e48ad0f0-b86d-4e2d-a075-9fd9b6d132d9\">Zweck der Datenverarbeitung: Der Zweck der Verwendung technisch notwendiger Cookies ist, die Nutzung von Websites f\u00fcr die Nutzer zu vereinfachen. Einige Funktionen unserer Internetseite k\u00f6nnen ohne den Einsatz von Cookies nicht angeboten werden. F\u00fcr diese ist es erforderlich, dass der Browser auch nach einem Seitenwechsel wiedererkannt wird.<\/p>\n\n\n\n<p id=\"block-4a75126b-be54-410c-a3e5-88a760bd2b75\">F\u00fcr folgende Anwendungen ben\u00f6tigen wir Cookies:<\/p>\n\n\n\n<p id=\"block-04998201-606f-4ac0-84fe-9646a9c183e7\">Warenkorb<br>Login ( Kundenkonto)<\/p>\n\n\n\n<p id=\"block-52bfd5d9-494f-47f7-8d32-6a96d2bc64e8\">Die Verwendung der Profil-Cookies erfolgt zu dem Zweck, Benutzervoreinstellungen auch beim n\u00e4chsten Besuch eingestellt zu lassen, auch wenn er nicht eingeloggt ist. In diesen Zwecken liegt auch unser berechtigtes Interesse in der Verarbeitung der personenbezogenen Daten nach Art.&nbsp;6 Abs.&nbsp;1 lit.&nbsp;f DSGVO.<\/p>\n\n\n\n<ul class=\"wp-block-list\" id=\"block-f4252511-acac-4a9b-9c57-eb20bf53ed2c\"><li>Dauer der Speicherung, Widerspruchs- und Beseitigungsm\u00f6glichkeit:<br>Cookies werden auf dem Rechner des Nutzers gespeichert und von diesem an unserer Seite \u00fcbermittelt. Daher haben Sie als Nutzer auch die volle Kontrolle \u00fcber die Verwendung von Cookies. Durch eine \u00c4nderung der Einstellungen in Ihrem Internetbrowser k\u00f6nnen Sie die \u00dcbertragung von Cookies deaktivieren oder einschr\u00e4nken. Bereits gespeicherte Cookies k\u00f6nnen jederzeit gel\u00f6scht werden. Dies kann auch automatisiert erfolgen. Werden Cookies f\u00fcr unsere Website deaktiviert, k\u00f6nnen m\u00f6glicherweise nicht mehr alle Funktionen der Website vollumf\u00e4nglich genutzt werden.<\/li><\/ul>\n\n\n\n<p id=\"block-c3dc3c09-09ec-4ca8-b4a8-46ace6e042cc\"><strong>5. Newsletter<\/strong><\/p>\n\n\n\n<ul class=\"wp-block-list\" id=\"block-d644c70b-8a87-41ea-9748-a1d9ef765c21\"><li>Beschreibung und Umfang der Datenverarbeitung:<br>Der Newsletter-Versand erfolgt aufgrund der Anmeldung des Nutzers auf der Website oder beim hinterlassen der E-Mail-Adresse auf Kundenkartenformularen oder Gewinnspielen mit dem Wunsch den Newsletter zu empfangen:<br>Auf unserer Internetseite besteht die M\u00f6glichkeit einen kostenfreien Newsletter zu abonnieren. Dabei werden bei der Anmeldung zum Newsletter die Daten aus der Eingabemaske an uns \u00fcbermittelt.<\/li><\/ul>\n\n\n\n<p id=\"block-c78fa0d2-0363-4fa4-b3d9-2bfd2549fbaa\">Vorname<br>Name<br>E-Mail Adresse<br>\ufeff<\/p>\n\n\n\n<p id=\"block-5604dc49-0685-4173-8275-b23edca0b978\">Zudem werden folgende Daten bei der Anmeldung erhoben:<\/p>\n\n\n\n<p id=\"block-f1a6c15c-16ca-4ad9-9b46-e7661e447c59\">IP-Adresse des aufrufenden Rechners<br>Datum und Uhrzeit der Registrierung<br>\ufeff<\/p>\n\n\n\n<p id=\"block-846fe5e1-a899-406c-bd19-f5ccbfd6cd91\">F\u00fcr die Verarbeitung der Daten wird im Rahmen des Anmeldevorgangs Ihre Einwilligung eingeholt und auf diese Datenschutzerkl\u00e4rung verwiesen.<br>Es erfolgt im Zusammenhang mit der Datenverarbeitung f\u00fcr den Versand von Newslettern keine Weitergabe der Daten an Dritte. Die Daten werden ausschlie\u00dflich f\u00fcr den Versand des Newsletters verwendet. Die Newsletter enthalten sogenannte Z\u00e4hlpixel. Ein Z\u00e4hlpixel ist eine Miniaturgrafik, die in solche E-Mails eingebettet wird, welche im HTML-Format versendet werden, um eine Logdatei-Aufzeichnung und eine Logdatei-Analyse zu erm\u00f6glichen. Dadurch kann eine statistische Auswertung des Erfolges oder Misserfolges von Online-Marketing-Kampagnen durchgef\u00fchrt werden. Anhand des eingebetteten Z\u00e4hlpixels kann der Auftragsverarbeiter erkennen, ob und wann eine E-Mail von einer betroffenen Person ge\u00f6ffnet wurde und welche in der E-Mail befindlichen Links von der betroffenen Person aufgerufen wurden.<br>Ihre E-Mail-Adresse, die wir im Zusammenhang mit dem Verkauf einer Ware oder Dienstleistung erhalten, nutzen wir dar\u00fcber hinausausschlie\u00dflich f\u00fcr Direktwerbung in Form unseres Newsletters f\u00fcr eigene \u00e4hnliche Waren oder Dienstleistungen, wie die von Ihnen bestellten, sofern Sie dieser Verwendung nicht widersprochen haben. Sie k\u00f6nnen der Verwendung Ihrer E-Mail-Adresse jederzeit widersprechen, ohne dass hierf\u00fcr andere als die \u00dcbermittlungskosten nach den Basistarifen entstehen. Ihr Widerspruch (und damit die Abbestellung unseres Newsletters) kann durch entsprechende Nachricht an unsere E-Mail-Adresse (siehe Impressum) ausge\u00fcbt werden.<\/p>\n\n\n\n<ul class=\"wp-block-list\" id=\"block-8a80b454-ae81-46d3-b610-a3ad4e2765c6\"><li>Rechtsgrundlage f\u00fcr die Datenverarbeitung:<br>Rechtsgrundlage f\u00fcr die Verarbeitung der Daten nach Anmeldung zum Newsletters durch den Nutzer ist bei Vorliegen einer Einwilligung des Nutzers Art.&nbsp;6 Abs.&nbsp;1 lit.&nbsp;a DSGVO.<\/li><li>Zweck der Datenverarbeitung:<br>Die Erhebung der E-Mail-Adresse des Nutzers dient dazu, den Newsletter zuzustellen. Die Erhebung sonstiger personenbezogener Daten im Rahmen des Anmeldevorgangs dient dazu, einen Missbrauch der Dienste oder der verwendeten E-Mail-Adresse zu verhindern.<\/li><li>Dauer der Speicherung:<br>Die Daten werden gel\u00f6scht, sobald sie f\u00fcr die Erreichung des Zweckes ihrer Erhebung nicht mehr erforderlich sind. Die E-Mail-Adresse des Nutzers wird demnach solange gespeichert, wie das Abonnement des Newsletters aktiv ist. Die sonstigen im Rahmen des Anmeldevorgangs erhobenen personenbezogenen Daten werden in der Regel nach einer Frist von sieben Tagen gel\u00f6scht.<\/li><li>Widerspruchs- und Beseitigungsm\u00f6glichkeit:<br>Das Abonnement des Newsletters kann durch den betroffenen Nutzer jederzeit gek\u00fcndigt werden. Zu diesem Zweck findet sich in jedem Newsletter ein entsprechender Link. Hierdurch wird ebenfalls ein Widerruf der Einwilligung der Speicherung der w\u00e4hrend des Anmeldevorgangs erhobenen personenbezogenen Daten erm\u00f6glicht.<\/li><\/ul>\n\n\n\n<p id=\"block-3e16d13f-001b-47c5-b6f5-b1d02461a324\"><strong>6. Registrierung<\/strong><\/p>\n\n\n\n<ul class=\"wp-block-list\" id=\"block-1728bf9c-3bd2-4b0c-9ed6-218350e13e02\"><li>Beschreibung und Umfang der Datenverarbeitung:<br>Auf unserer Internetseite bieten wir Nutzern die M\u00f6glichkeit, sich unter Angabe personenbezogener Daten zu registrieren. Die Daten werden dabei in eine Eingabemaske eingegeben und an uns \u00fcbermittelt und gespeichert. Eine Weitergabe der Daten an Dritte findet nicht statt. Folgende Daten werden im Rahmen des Registrierungsprozesses erhoben: Welche personenbezogenen Daten dabei an den f\u00fcr die Verarbeitung Verantwortlichen \u00fcbermittelt werden, ergibt sich aus der jeweiligen Eingabemaske, die f\u00fcr die Registrierung verwendet wird.<br>\ufeff<ul><li>Im Zeitpunkt der Registrierung werden zudem folgende Daten gespeichert:<\/li><\/ul><\/li><\/ul>\n\n\n\n<p id=\"block-ede74cd0-3d5c-48b8-ab2f-a1c2b059de53\">IP-Adresse des Nutzers<br>Datum und Uhrzeit der Registrierung<br><br>Im Rahmen des Registrierungsprozesses wird eine Einwilligung des Nutzers zur Verarbeitung dieser Daten eingeholt.<\/p>\n\n\n\n<ul class=\"wp-block-list\" id=\"block-6cc29396-24a8-4b71-a79e-7f830d247b28\"><li>Rechtsgrundlage f\u00fcr die Datenverarbeitung:<br>Rechtsgrundlage f\u00fcr die Verarbeitung der Daten ist bei Vorliegen einer Einwilligung des Nutzers Art.&nbsp;6 Abs.&nbsp;1 lit.&nbsp;a DSGVO. Dient die Registrierung der Erf\u00fcllung eines Vertrages, dessen Vertragspartei der Nutzer ist oder der Durchf\u00fchrung vorvertraglicher Ma\u00dfnahmen, so ist zus\u00e4tzliche Rechtsgrundlage f\u00fcr die Verarbeitung der Daten Art.&nbsp;6 Abs.&nbsp;1 lit.&nbsp;b DSGVO.<\/li><li>Zweck der Datenverarbeitung:<br>Eine Registrierung des Nutzers ist zur Erf\u00fcllung eines Vertrages mit dem Nutzer oder zur Durchf\u00fchrung vorvertraglicher Ma\u00dfnahmen erforderlich. Die von der betroffenen Person eingegebenen personenbezogenen Daten werden ausschlie\u00dflich f\u00fcr die interne Verwendung bei dem f\u00fcr die Verarbeitung Verantwortlichen und f\u00fcr eigene Zwecke erhoben und gespeichert. Der f\u00fcr die Verarbeitung Verantwortliche kann die Weitergabe an einen oder mehrere Auftragsverarbeiter, beispielsweise einen Paketdienstleister, veranlassen, der die personenbezogenen Daten ebenfalls ausschlie\u00dflich f\u00fcr eine interne Verwendung, die dem f\u00fcr die Verarbeitung Verantwortlichen zuzurechnen ist, nutzt.<\/li><li>Dauer der Speicherung:<br>Die Daten werden gel\u00f6scht, sobald sie f\u00fcr die Erreichung des Zweckes ihrer Erhebung nicht mehr erforderlich sind. Dies ist f\u00fcr die w\u00e4hrend des Registrierungsvorgangs zur Erf\u00fcllung eines Vertrags oder zur Durchf\u00fchrung vorvertraglicher Ma\u00dfnahmen dann der Fall, wenn die Daten f\u00fcr die Durchf\u00fchrung des Vertrages nicht mehr erforderlich sind. Auch nach Abschluss des Vertrags kann eine Erforderlichkeit, personenbezogene Daten des Vertragspartners zu speichern, bestehen, um vertraglichen oder gesetzlichen Verpflichtungen nachzukommen.<\/li><li>Widerspruchs- und Beseitigungsm\u00f6glichkeit:<br>Als Nutzer haben sie jederzeit die M\u00f6glichkeit, die Registrierung aufzul\u00f6sen. Die \u00fcber Sie gespeicherten Daten k\u00f6nnen Sie jederzeit ab\u00e4ndern lassen.<br>Der f\u00fcr die Verarbeitung Verantwortliche erteilt jeder betroffenen Person jederzeit auf Anfrage Auskunft dar\u00fcber, welche personenbezogenen Daten \u00fcber die betroffene Person gespeichert sind. Ferner berichtigt oder l\u00f6scht der f\u00fcr die Verarbeitung Verantwortliche personenbezogene Daten auf Wunsch oder Hinweis der betroffenen Person, soweit dem keine gesetzlichen Aufbewahrungspflichten entgegenstehen. Die Gesamtheit der Mitarbeiter des f\u00fcr die Verarbeitung Verantwortlichen steht der betroffenen Person in diesem Zusammenhang als Ansprechpartner zur Verf\u00fcgung.<br>Als registrierte Nutzer haben Sie die M\u00f6glichkeit sich in Mein Bereich ihre Daten anzusehen oder zu \u00c4ndern. Um das Konto aufzul\u00f6sen k\u00f6nnen Sie uns gerne in schriftlicher Form per E-Mail, Kontaktformular, Post oder Fax damit beauftragen. Sind die Daten zur Erf\u00fcllung eines Vertrages oder zur Durchf\u00fchrung vorvertraglicher Ma\u00dfnahmen erforderlich, ist eine vorzeitige L\u00f6schung der Daten nur m\u00f6glich, soweit nicht vertragliche oder gesetzliche Verpflichtungen einer L\u00f6schung entgegenstehen.<\/li><\/ul>\n\n\n\n<p id=\"block-f1ab1ac4-6ead-4e1c-a766-1893051cdcfb\"><strong>7. Kontaktformular und E-Mail-Kontakt<\/strong><\/p>\n\n\n\n<ul class=\"wp-block-list\" id=\"block-dc62f43d-1d8a-4fc4-8ce6-f06771b8568e\"><li>Beschreibung und Umfang der Datenverarbeitung:<br>Auf unserer Internetseite ist ein Kontaktformular vorhanden, welches f\u00fcr die elektronische Kontaktaufnahme genutzt werden kann. Nimmt ein Nutzer diese M\u00f6glichkeit wahr, so werden die in der Eingabemaske eingegeben Daten an uns \u00fcbermittelt und gespeichert. Diese Daten sind:<\/li><\/ul>\n\n\n\n<p id=\"block-a9394dbb-c127-4c61-8190-dfa2ee4613c8\">Name<br>E-Mail-Adresse<br>Telefon<\/p>\n\n\n\n<p id=\"block-bf58831e-2738-4357-89fb-f10e4d0e537b\">Zum Zeitpunkt der Absendung der Nachricht werden zudem folgende Daten gespeichert:<\/p>\n\n\n\n<p id=\"block-6f61c59d-277f-4d02-9dd0-0acbe1d47ba1\">IP-Adresse des Nutzers<br>Datum und Uhrzeit der Nachricht<br>\ufeff<\/p>\n\n\n\n<p id=\"block-a1a9409f-51a6-4ee4-91e2-24e6849060ca\">F\u00fcr die Verarbeitung der Daten wird im Rahmen des Absendevorgangs Ihre Einwilligung eingeholt und auf diese Datenschutzerkl\u00e4rung verwiesen.<br>Alternativ ist eine Kontaktaufnahme \u00fcber die bereitgestellte E-Mail-Adresse m\u00f6glich. In diesem Fall werden die mit der E-Mail \u00fcbermittelten personenbezogenen Daten des Nutzers gespeichert.<br>Es erfolgt in diesem Zusammenhang keine Weitergabe der Daten an Dritte. Die Daten werden ausschlie\u00dflich f\u00fcr die Verarbeitung der Konversation verwendet.<\/p>\n\n\n\n<ul class=\"wp-block-list\" id=\"block-283127e2-6ed2-477d-8516-6fcdad77b10b\"><li>Rechtsgrundlage f\u00fcr die Datenverarbeitung:<br>Rechtsgrundlage f\u00fcr die Verarbeitung der Daten ist bei Vorliegen einer Einwilligung des Nutzers Art.&nbsp;6 Abs.&nbsp;1 lit.&nbsp;a DSGVO.<br>Rechtsgrundlage f\u00fcr die Verarbeitung der Daten, die im Zuge einer \u00dcbersendung einer E-Mail \u00fcbermittelt werden, ist Art.&nbsp;6 Abs.&nbsp;1 lit.&nbsp;f DSGVO. Zielt der E-Mail-Kontakt auf den Abschluss eines Vertrages ab, so ist zus\u00e4tzliche Rechtsgrundlage f\u00fcr die Verarbeitung Art.&nbsp;6 Abs.&nbsp;1 lit.&nbsp;b DSGVO.<\/li><li>Zweck der Datenverarbeitung:<br>Die Verarbeitung der personenbezogenen Daten aus der Eingabemaske dient uns allein zur Bearbeitung der Kontaktaufnahme. Im Falle einer Kontaktaufnahme per E-Mail liegt hieran auch das erforderliche berechtigte Interesse an der Verarbeitung der Daten.<br>Die sonstigen w\u00e4hrend des Absendevorganges verarbeiteten personenbezogenen Daten dienen dazu, einen Missbrauch des Kontaktformulars zu verhindern und die Sicherheit unserer informationstechnischen Systeme sicherzustellen.<\/li><li>Dauer der Speicherung:<br>Die Daten werden gel\u00f6scht, sobald sie f\u00fcr die Erreichung des Zweckes ihrer Erhebung nicht mehr erforderlich sind. F\u00fcr die personenbezogenen Daten aus der Eingabemaske des Kontaktformulars und diejenigen, die per E-Mail \u00fcbersandt wurden, ist dies dann der Fall, wenn die jeweilige Konversation mit dem Nutzer beendet ist. Beendet ist die Konversation dann, wenn sich aus den Umst\u00e4nden entnehmen l\u00e4sst, dass der betroffene Sachverhalt abschlie\u00dfend gekl\u00e4rt ist.<br>Die w\u00e4hrend des Absendevorganges zus\u00e4tzlich erhobenen personenbezogenen Daten werden sp\u00e4testens nach einer Frist von sieben Tagen gel\u00f6scht.<\/li><li>Widerspruchs- und Beseitigungsm\u00f6glichkeit:<br>Der Nutzer hat jederzeit die M\u00f6glichkeit, seine Einwilligung zur Verarbeitung der personenbezogenen Daten zu widerrufen. Nimmt der Nutzer per E-Mail Kontakt mit uns auf, so kann er der Speicherung seiner personenbezogenen Daten jederzeit widersprechen. In einem solchen Fall kann die Konversation nicht fortgef\u00fchrt werden.<br>Das Abonnement unseres Newsletters kann durch die betroffene Person jederzeit gek\u00fcndigt werden. Die Einwilligung in die Speicherung personenbezogener Daten, die die betroffene Person uns f\u00fcr den Newsletterversand erteilt hat, kann jederzeit widerrufen werden. Zum Zwecke des Widerrufs der Einwilligung findet sich in jedem Newsletter ein entsprechender Link. Ferner besteht die M\u00f6glichkeit, sich jederzeit auch direkt auf der Internetseite des f\u00fcr die Verarbeitung Verantwortlichen vom Newsletterversand abzumelden oder dies dem f\u00fcr die Verarbeitung Verantwortlichen auf andere Weise mitzuteilen.<br>Alle personenbezogenen Daten, die im Zuge der Kontaktaufnahme gespeichert wurden, werden in diesem Fall gel\u00f6scht.<\/li><\/ul>\n\n\n\n<p id=\"block-d2692a33-5a4a-4c5e-804d-8465663bea23\"><strong>8. Einsatz Software Dritter<\/strong><\/p>\n\n\n\n<ul class=\"wp-block-list\" id=\"block-86acd4db-d34a-4fa9-bbbe-1723701336ba\"><li>Einsatz von Google Maps:<br>Diese Seite nutzt \u00fcber eine API den Kartendienst Google Maps. Dies ist eine Dienstleistung, die von Google Ireland Limited (\u201eGoogle\u201c) zur Verf\u00fcgung gestellt wird, einer nach irischem Recht eingetragenen und betriebenen Gesellschaft (Registernummer: 368047) mit Sitz in Gordon House, Barrow Street, Dublin 4, Irland.<br>Zur Nutzung der Funktionen von Google Maps ist es notwendig, Ihre IP Adresse zu speichern. Diese Informationen werden in der Regel an einen Server von Google \u00fcbertragen und dort gespeichert. Der Anbieter dieser Seite hat keinen Einfluss auf diese Daten\u00fcbertragung.<br>Es ist nicht ausgeschlossen, dass dabei die Datenverarbeitung au\u00dferhalb des Anwendungsbereichs des EU-Rechts stattfindet. Google ist dem Privacy Shield beigetreten, so dass Google die Einhaltung von EU- Datenschutzstandards garantiert. Durch die Nutzung dieser Website erkl\u00e4ren Sie sich mit der Erfassung, Bearbeitung sowie der Nutzung der automatisch erhobenen sowie der von Ihnen eingegeben Daten durch Google, einer seiner Vertreter, oder Drittanbieter einverstanden.<br>Wenn Sie nicht m\u00f6chten, dass Google \u00fcber unseren Internetauftritt Daten \u00fcber Sie erhebt, verarbeitet oder nutzt, k\u00f6nnen Sie in Ihrem Browsereinstellungen JavaScript deaktivieren. In diesem Fall k\u00f6nnen Sie die Kartenanzeige jedoch nicht nutzen.<br>Die Nutzung von Google Maps erfolgt im Interesse einer ansprechenden Darstellung unserer Online-Angebote und an einer leichten Auffindbarkeit der von uns auf der Website angegebenen Orte. Dies stellt ein berechtigtes Interesse im Sinne von Art. 6 Abs. 1 lit. f DSGVO dar.<br>Mehr Informationen zum Umgang mit Nutzerdaten finden Sie in der Datenschutzerkl\u00e4rung von Google: https:\/\/policies.google.com\/privacy?hl=de&amp;gl=de<\/li><li>Einsatz von Google Webfonts:<br>Zur optisch verbesserten Darstellung verschiedener Informationen auf dieser Website werden evtl. Google Webfonts (https:\/\/fonts.google.com\/) verwendet. Die Webfonts werden dabei beim Aufruf der Seite in den Cache des Browsers \u00fcbertragen, um sie f\u00fcr die Darstellung nutzen zu k\u00f6nnen. Falls der Browser die Google Webfonts nicht unterst\u00fctzt oder den Zugriff unterbindet, wird der Text in einer Standardschrift angezeigt.<br>Die Nutzung von Google Webfonts erfolgt im Interesse einer ansprechenden Darstellung unserer Online-Angebote. Dies stellt ein berechtigtes Interesse im Sinne von Art. 6 Abs. 1 lit. f DSGVO dar.<br>Beim Aufruf der Seite werden beim Website-Besucher keine Cookies f\u00fcr diese Fonts gespeichert. Daten, die im Zusammenhang mit dem Seitenaufruf \u00fcbermittelt werden, werden auf ressourcenspezifische Domains wie fonts.googleapis.com oder fonts.gstatic.com gesendet. Sie werden nicht mit Daten in Verbindung gebracht, die ggf. im Zusammenhang mit der parallelen Nutzung von authentifizierten Google-Diensten wie Gmail erhoben oder genutzt werden.<br>Durch die Nutzung dieser Website erkl\u00e4ren Sie sich mit der Erfassung, Bearbeitung sowie der Nutzung der automatisch erhobenen sowie der von Ihnen eingegeben Daten durch Google, einer seiner Vertreter, oder Drittanbieter einverstanden.<br>Sie k\u00f6nnen Ihren Browser so einstellen, dass die Schriften nicht von den Google-Servern geladen werden (bspw. durch die Installation von Add-Ons wie NoScript oder Ghostery f\u00fcr Firefox.) Falls Ihr Browser die Google Fonts nicht unterst\u00fctzt oder Sie den Zugriff auf die Google-Server unterbinden, wird der Text in der Standardschrift des Systems angezeigt.<br>Informationen zu den Datenschutzbedingungen von Google Webfonts erhalten Sie unter: https:\/\/developers.google.com\/fonts\/faq#PrivacyAllgemeine Informationen zum Datenschutz sind im Google Privacy Center abrufbar unter: https:\/\/policies.google.com\/privacy?hl=de-DE<\/li><li>Einsatz von ajax.googleapis.com f\u00fcr jQuery und jQueryUI:<br>Diese Webseite benutzt Ajax und jQuery bzw. jQueryUI Technologien, wodurch eine Optimierung der Ladegeschwindigkeiten erzielt wird.<br>Diesbez\u00fcglich werden Programmbibliotheken von Google Servern aufgerufen. Es wird das CDN (Content delivery network) von Google verwendet.Die Nutzung von Ajax und jQuery bzw. jQueryUI Technologien erfolgt im Interesse einer ansprechenden Darstellung unserer Online-Angebote. Dies stellt ein berechtigtes Interesse im Sinne von Art. 6 Abs. 1 lit. f DSGVO dar.<br>Sollten Sie jQuery vorher auf einer anderen Seite vom Google CDN gebraucht haben, wird Ihr Browser auf die im Cache abgelegte Kopie zur\u00fcckgreifen.Ist dies nicht zutreffend, erfordert dies ein Herunterladen, wobei Daten von Ihrem Browser an Google!Inc. (\u201eGoogle\u201d) gelangen. Ihre Daten werden in die USA \u00fcbertragen. N\u00e4heres erfahren Sie unter: https:\/\/developers.google.com\/speed\/libraries\/#jquerysowie unter den Datenschutzbestimmungen von google.de unter: https:\/\/policies.google.com\/privacy?hl=de&amp;gl=de<\/li><li>Facebook Like-Button &amp; Widgets:<br>Diese Webseite verwendet Social Plugins der Facebook Inc., 1601 S. California Ave, Palo Alto, CA 94304, USA (im Folgenden \u201eFacebook\u201c). Wenn Sie Seiten aufrufen, die ein solches Plugin beinhalten, werden automatisch Daten \u00fcber Ihr Besucherverhalten an die Server von Facebook \u00fcbermittelt. Der Webseitenbetreiber hat keinen Einfluss auf Art und Umfang der erhobenen und an Facebook \u00fcbermittelten Daten. Sind Sie bei Facebook eingeloggt, kann Facebook den Besuch Ihrem Facebook-Konto zuordnen. Weitere Informationen zum Datenschutz auf Facebook finden Sie unter&nbsp;<a rel=\"noreferrer noopener\" href=\"https:\/\/www.facebook.com\/policy\" target=\"_blank\">https:\/\/www.facebook.com\/policy<\/a>.<\/li><\/ul>\n\n\n\n<p id=\"block-f0d50027-d638-4c89-abed-56f06752aa48\"><strong>9. Rechte der betroffenen Person<\/strong><\/p>\n\n\n\n<p id=\"block-a26f8885-8a0b-4585-b0b3-e2713b3cd030\">Die folgende Auflistung umfasst alle Rechte der Betroffenen nach der DSGVO. Rechte, die f\u00fcr die eigene Webseite keine Relevanz haben, m\u00fcssen nicht genannt werden. Insoweit kann die Auflistung gek\u00fcrzt werden.<br>Werden personenbezogene Daten von Ihnen verarbeitet, sind Sie Betroffener i.S.d. DSGVO und es stehen Ihnen folgende Rechte gegen\u00fcber dem Verantwortlichen zu:<\/p>\n\n\n\n<ul class=\"wp-block-list\" id=\"block-65a4655c-7f9b-4ba2-95d7-42a1191b4a99\"><li>Auskunftsrecht:<br>Sie k\u00f6nnen von dem Verantwortlichen eine Best\u00e4tigung dar\u00fcber verlangen, ob personenbezogene Daten, die Sie betreffen, von uns verarbeitet werden.Liegt eine solche Verarbeitung vor, k\u00f6nnen Sie von dem Verantwortlichen \u00fcber folgende Informationen Auskunft verlangen:<\/li><\/ul>\n\n\n\n<p id=\"block-a6d0d5a8-8e1d-4bac-92a3-56acbd0843e4\">die Zwecke, zu denen die personenbezogenen Daten verarbeitet werden;<\/p>\n\n\n\n<p id=\"block-20ea2181-6781-4568-8947-ec76f79eeb2c\">die Kategorien von personenbezogenen Daten, welche verarbeitet werden;<\/p>\n\n\n\n<p id=\"block-4c8fb1e5-9edc-44f7-8af8-2a9b4f21dfa9\">die Empf\u00e4nger bzw. die Kategorien von Empf\u00e4ngern, gegen\u00fcber denen die Sie betreffenden personenbezogenen Daten offengelegt wurden oder noch offengelegt werden;<\/p>\n\n\n\n<p id=\"block-75ad7d6f-053e-455a-b3e6-80804cce5244\">die geplante Dauer der Speicherung der Sie betreffenden personenbezogenen Daten oder, falls konkrete Angaben hierzu nicht m\u00f6glich sind, Kriterien f\u00fcr die Festlegung der Speicherdauer;<\/p>\n\n\n\n<p id=\"block-1db4f12e-62d9-4cf5-ac27-27e6be1ddbd5\">das Bestehen eines Rechts auf Berichtigung oder L\u00f6schung der Sie betreffenden personenbezogenen Daten, eines Rechts auf Einschr\u00e4nkung der Verarbeitung durch den Verantwortlichen oder eines Widerspruchsrechts gegen diese Verarbeitung;<\/p>\n\n\n\n<p id=\"block-63fe7069-60a6-492b-936f-67c8915db0b0\">das Bestehen eines Beschwerderechts bei einer Aufsichtsbeh\u00f6rde;<\/p>\n\n\n\n<p id=\"block-d3c124d3-ff3f-4bb5-aeb5-ec58f961c1b9\">alle verf\u00fcgbaren Informationen \u00fcber die Herkunft der Daten, wenn die personenbezogenen Daten nicht bei der betroffenen Person erhoben werden;<\/p>\n\n\n\n<p id=\"block-56f09e24-696b-428f-8eb8-f7e09a2a2a23\">das Bestehen einer automatisierten Entscheidungsfindung einschlie\u00dflich Profiling gem\u00e4\u00df Art.&nbsp;22 Abs.&nbsp;1 und 4 DSGVO und \u2013 zumindest in diesen F\u00e4llen \u2013 aussagekr\u00e4ftige Informationen \u00fcber die involvierte Logik sowie die Tragweite und die angestrebten Auswirkungen einer derartigen Verarbeitung f\u00fcr die betroffene Person.Ihnen steht das Recht zu, Auskunft dar\u00fcber zu verlangen, ob die Sie betreffenden personenbezogenen Daten in ein Drittland oder an eine internationale Organisation \u00fcbermittelt werden. In diesem Zusammenhang k\u00f6nnen Sie verlangen, \u00fcber die geeigneten Garantien gem. Art.&nbsp;46 DSGVO im Zusammenhang mit der \u00dcbermittlung unterrichtet zu werden.<\/p>\n\n\n\n<ul class=\"wp-block-list\" id=\"block-226cb406-9651-4488-915d-4bf40220f7bf\"><li>Recht auf Berichtigung:<br>Sie haben ein Recht auf Berichtigung und\/oder Vervollst\u00e4ndigung gegen\u00fcber dem Verantwortlichen, sofern die verarbeiteten personenbezogenen Daten, die Sie betreffen, unrichtig oder unvollst\u00e4ndig sind. Der Verantwortliche hat die Berichtigung unverz\u00fcglich vorzunehmen.<\/li><li>Recht auf Einschr\u00e4nkung der Verarbeitung:<br>Unter den folgenden Voraussetzungen k\u00f6nnen Sie die Einschr\u00e4nkung der Verarbeitung der Sie betreffenden personenbezogenen Daten verlangen:<\/li><\/ul>\n\n\n\n<p id=\"block-02242685-d444-4004-8a04-67fe3330d7ce\">wenn Sie die Richtigkeit der Sie betreffenden personenbezogenen f\u00fcr eine Dauer bestreiten, die es dem Verantwortlichen erm\u00f6glicht, die Richtigkeit der personenbezogenen Daten zu \u00fcberpr\u00fcfen;<\/p>\n\n\n\n<p id=\"block-2c90b3cd-6f87-4b1f-a09b-e8d55a48abf8\">die Verarbeitung unrechtm\u00e4\u00dfig ist und Sie die L\u00f6schung der personenbezogenen Daten ablehnen und stattdessen die Einschr\u00e4nkung der Nutzung der personenbezogenen Daten verlangen;<\/p>\n\n\n\n<p id=\"block-aac3e9f6-f31d-4160-a578-bb2c0ae92c24\">der Verantwortliche die personenbezogenen Daten f\u00fcr die Zwecke der Verarbeitung nicht l\u00e4nger ben\u00f6tigt, Sie diese jedoch zur Geltendmachung, Aus\u00fcbung oder Verteidigung von Rechtsanspr\u00fcchen ben\u00f6tigen, oder<\/p>\n\n\n\n<p id=\"block-edcbfbaf-24a2-468e-96dc-f27592424f80\">wenn Sie Widerspruch gegen die Verarbeitung gem\u00e4\u00df Art.&nbsp;21 Abs.&nbsp;1 DSGVO eingelegt haben und noch nicht feststeht, ob die berechtigten Gr\u00fcnde des Verantwortlichen gegen\u00fcber Ihren Gr\u00fcnden \u00fcberwiegen.<br>Wurde die Verarbeitung der Sie betreffenden personenbezogenen Daten eingeschr\u00e4nkt, d\u00fcrfen diese Daten \u2013 von ihrer Speicherung abgesehen \u2013 nur mit Ihrer Einwilligung oder zur Geltendmachung, Aus\u00fcbung oder Verteidigung von Rechtsanspr\u00fcchen oder zum Schutz der Rechte einer anderen nat\u00fcrlichen oder juristischen Person oder aus Gr\u00fcnden eines wichtigen \u00f6ffentlichen Interesses der Union oder eines Mitgliedstaats verarbeitet werden.<br>Wurde die Einschr\u00e4nkung der Verarbeitung nach den o.g. Voraussetzungen eingeschr\u00e4nkt, werden Sie von dem Verantwortlichen unterrichtet bevor die Einschr\u00e4nkung aufgehoben wird.<\/p>\n\n\n\n<ul class=\"wp-block-list\" id=\"block-7db93135-f0a8-42bc-baf6-2147fb4fa279\"><li>Recht auf L\u00f6schung\/L\u00f6schungspflicht:<br>Sie k\u00f6nnen von dem Verantwortlichen verlangen, dass die Sie betreffenden personenbezogenen Daten unverz\u00fcglich gel\u00f6scht werden, und der Verantwortliche ist verpflichtet, diese Daten unverz\u00fcglich zu l\u00f6schen, sofern einer der folgenden Gr\u00fcnde zutrifft:<\/li><\/ul>\n\n\n\n<p id=\"block-d283db79-4f19-47c7-b047-667e2ce13c73\">Die Sie betreffenden personenbezogenen Daten sind f\u00fcr die Zwecke, f\u00fcr die sie erhoben oder auf sonstige Weise verarbeitet wurden, nicht mehr notwendig.<\/p>\n\n\n\n<p id=\"block-30bb77de-cb86-4e74-b1b7-071bfca07eb6\">Sie widerrufen Ihre Einwilligung, auf die sich die Verarbeitung gem. Art.&nbsp;6 Abs.&nbsp;1 lit.&nbsp;a oder Art.&nbsp;9 Abs.&nbsp;2 lit.&nbsp;a DSGVO st\u00fctzte, und es fehlt an einer anderweitigen Rechtsgrundlage f\u00fcr die Verarbeitung.<\/p>\n\n\n\n<p id=\"block-311fd20f-4507-404c-ad26-0255682deabf\">Sie legen gem. Art.&nbsp;21 Abs.&nbsp;1 DSGVO Widerspruch gegen die Verarbeitung ein und es liegen keine vorrangigen berechtigten Gr\u00fcnde f\u00fcr die Verarbeitung vor, oder Sie legen gem. Art.&nbsp;21 Abs.&nbsp;2 DSGVO Widerspruch gegen die Verarbeitung ein.<\/p>\n\n\n\n<p id=\"block-25172807-7a3d-4bee-9c49-c2c23742ff6b\">Die Sie betreffenden personenbezogenen Daten wurden unrechtm\u00e4\u00dfig verarbeitet.<\/p>\n\n\n\n<p id=\"block-b7f76391-5dcf-44b6-80c0-9db885656ca9\">Die L\u00f6schung der Sie betreffenden personenbezogenen Daten ist zur Erf\u00fcllung einer rechtlichen Verpflichtung nach dem Unionsrecht oder dem Recht der Mitgliedstaaten erforderlich, dem der Verantwortliche unterliegt.<\/p>\n\n\n\n<p id=\"block-5bc74a4a-e815-484c-891e-337c88f45878\">Die Sie betreffenden personenbezogenen Daten wurden in Bezug auf angebotene Dienste der Informationsgesellschaft gem\u00e4\u00df Art.&nbsp;8 Abs.&nbsp;1 DSGVO erhoben.<\/p>\n\n\n\n<ul class=\"wp-block-list\" id=\"block-9f69faf8-fa49-499d-80f9-3e8a515c44c3\"><li>Information an Dritte:<br>Hat der Verantwortliche die Sie betreffenden personenbezogenen Daten \u00f6ffentlich gemacht und ist er gem. Art.&nbsp;17 Abs.&nbsp;1 DSGVO zu deren L\u00f6schung verpflichtet, so trifft er unter Ber\u00fccksichtigung der verf\u00fcgbaren Technologie und der Implementierungskosten angemessene Ma\u00dfnahmen, auch technischer Art, um f\u00fcr die Datenverarbeitung Verantwortliche, die die personenbezogenen Daten verarbeiten, dar\u00fcber zu informieren, dass Sie als betroffene Person von ihnen die L\u00f6schung aller Links zu diesen personenbezogenen Daten oder von Kopien oder Replikationen dieser personenbezogenen Daten verlangt haben.<br><br><em>Ausnahmen:<\/em><br>Das Recht auf L\u00f6schung besteht nicht, soweit die Verarbeitung erforderlich ist:<\/li><\/ul>\n\n\n\n<p id=\"block-84001127-f5c8-4097-b2cc-934469db0cf9\">zur Aus\u00fcbung des Rechts auf freie Meinungs\u00e4u\u00dferung und Information;<\/p>\n\n\n\n<p id=\"block-9c2f6baf-e257-4060-b2ec-e1e41645f627\">zur Erf\u00fcllung einer rechtlichen Verpflichtung, die die Verarbeitung nach dem Recht der Union oder der Mitgliedstaaten, dem der Verantwortliche unterliegt, erfordert, oder zur Wahrnehmung einer Aufgabe, die im \u00f6ffentlichen Interesse liegt oder in Aus\u00fcbung \u00f6ffentlicher Gewalt erfolgt, die dem Verantwortlichen \u00fcbertragen wurde;<\/p>\n\n\n\n<p id=\"block-ad506a99-e267-4fed-b5e6-ab238582ff64\">aus Gr\u00fcnden des \u00f6ffentlichen Interesses im Bereich der \u00f6ffentlichen Gesundheit gem\u00e4\u00df Art.&nbsp;9 Abs.&nbsp;2 lit.&nbsp;h und i sowie Art.&nbsp;9 Abs.&nbsp;3 DSGVO;<\/p>\n\n\n\n<p id=\"block-dfe8ced6-576f-4727-b881-02044903a660\">f\u00fcr im \u00f6ffentlichen Interesse liegende Archivzwecke, wissenschaftliche oder historische Forschungszwecke oder f\u00fcr statistische Zwecke gem. Art.&nbsp;89 Abs.&nbsp;1 DSGVO, soweit das unter Abschnitt a) genannte Recht voraussichtlich die Verwirklichung der Ziele dieser Verarbeitung unm\u00f6glich macht oder ernsthaft beeintr\u00e4chtigt, oder<\/p>\n\n\n\n<p id=\"block-fd168256-31b0-4a32-a22e-b580a3c55e61\">zur Geltendmachung, Aus\u00fcbung oder Verteidigung von Rechtsanspr\u00fcchen.<\/p>\n\n\n\n<ul class=\"wp-block-list\" id=\"block-2e4928c4-8cb5-482d-8798-bdd1c4d58c4d\"><li>Recht auf Unterrichtung:<br>Haben Sie das Recht auf Berichtigung, L\u00f6schung oder Einschr\u00e4nkung der Verarbeitung gegen\u00fcber dem Verantwortlichen geltend gemacht, ist dieser verpflichtet, allen Empf\u00e4ngern, denen die Sie betreffenden personenbezogenen Daten offengelegt wurden, diese Berichtigung oder L\u00f6schung der Daten oder Einschr\u00e4nkung der Verarbeitung mitzuteilen, es sei denn, dies erweist sich als unm\u00f6glich oder ist mit einem unverh\u00e4ltnism\u00e4\u00dfigen Aufwand verbunden.Ihnen steht gegen\u00fcber dem Verantwortlichen das Recht zu, \u00fcber diese Empf\u00e4nger unterrichtet zu werden.<\/li><li>Recht auf Daten\u00fcbertragbarkeit:<br>Sie haben das Recht, die Sie betreffenden personenbezogenen Daten, die Sie dem Verantwortlichen bereitgestellt haben, in einem strukturierten, g\u00e4ngigen und maschinenlesbaren Format zu erhalten. Au\u00dferdem haben Sie das Recht diese Daten einem anderen Verantwortlichen ohne Behinderung durch den Verantwortlichen, dem die personenbezogenen Daten bereitgestellt wurden, zu \u00fcbermitteln, sofern<\/li><\/ul>\n\n\n\n<p id=\"block-8e31cc8c-ed00-4ce5-b619-b506ff342970\">die Verarbeitung auf einer Einwilligung gem. Art.&nbsp;6 Abs.&nbsp;1 lit.&nbsp;a DSGVO oder Art.&nbsp;9 Abs.&nbsp;2 lit.&nbsp;a DSGVO oder auf einem Vertrag gem. Art.&nbsp;6 Abs.&nbsp;1 lit.&nbsp;b DSGVO beruht und<\/p>\n\n\n\n<p id=\"block-57dfdfd0-5612-4536-bf8c-c995853260a0\">die Verarbeitung mithilfe automatisierter Verfahren erfolgt.In Aus\u00fcbung dieses Rechts haben Sie ferner das Recht, zu erwirken, dass die Sie betreffenden personenbezogenen Daten direkt von einem Verantwortlichen einem anderen Verantwortlichen \u00fcbermittelt werden, soweit dies technisch machbar ist. Freiheiten und Rechte anderer Personen d\u00fcrfen hierdurch nicht beeintr\u00e4chtigt werden.Das Recht auf Daten\u00fcbertragbarkeit gilt nicht f\u00fcr eine Verarbeitung personenbezogener Daten, die f\u00fcr die Wahrnehmung einer Aufgabe erforderlich ist, die im \u00f6ffentlichen Interesse liegt oder in Aus\u00fcbung \u00f6ffentlicher Gewalt erfolgt, die dem Verantwortlichen \u00fcbertragen wurde.<\/p>\n\n\n\n<p id=\"block-1d4396f0-6e2c-4eed-9774-7f105b9c938c\"><strong>10. Pflichtangaben bei Datenerhebungen au\u00dferhalb unserer Webseite (Apotheken)&nbsp;<\/strong><\/p>\n\n\n\n<p id=\"block-91d9fd54-a092-43f5-acdc-6f5e5f4954bc\"><br>Im Folgenden informieren wir \u00fcber den Verarbeitungsrahmen bei Datenerhebungen au\u00dferhalb unseres Internetauftritts, bei denen Sie die Dienstleistungen unserer Apotheken in Anspruch nehmen.<\/p>\n\n\n\n<ul class=\"wp-block-list\" id=\"block-611a27d6-171a-4270-9eef-8a35578d62c4\"><li>Kategorien personenbezogener Daten, die verarbeitet werden: Rezeptdaten, Gesundheitsdaten, Namensdaten, Adressdaten, Kontaktdaten, Geburtsdatum, Vertragsdaten, Abrechnungsdaten.<\/li><li>Kriterien f\u00fcr die Festlegung der Speicherdauer der personenbezogenen Daten: Der Gesetzgeber hat vielf\u00e4ltige Aufbewahrungspflichten und -fristen erlassen. Nach Ablauf dieser Fristen werden die entsprechenden Daten routinem\u00e4\u00dfig gel\u00f6scht, wenn sie nicht mehr zur Erf\u00fcllung des Auftrags erforderlich sind. Sofern Daten hiervon nicht be-r\u00fchrt sind, werden sie gel\u00f6scht, wenn die zur Erhebung genannten Zwecke wegfallen. Einwilligungserkl\u00e4rungen, von denen zwei Jahre lang kein Gebrauch gemacht wird (z.B. durch den Einsatz der Kundenkarte), werden gel\u00f6scht, soweit gesetzliche Aufbewah-rungspflichten nicht entgegenstehen.<\/li><\/ul>\n\n\n\n<p id=\"block-b0a6e8b0-f963-4bae-8d12-1d40e299bdf3\">Zwecke, f\u00fcr die die personenbezogenen Daten verarbeitet werden:<br>Arzneimittelversorgung durch eine \u00f6ffentliche Apotheke<br>Abrechnung gegen\u00fcber Krankenkassen<br>Kundenbindung<\/p>\n\n\n\n<ul class=\"wp-block-list\" id=\"block-aabb4788-c9a5-42bd-93cf-375e508ca70b\"><li>Rechtsgrundlagen der Datenverarbeitung:<\/li><\/ul>\n\n\n\n<p id=\"block-7fe5933d-0b52-412b-bda9-fb96f3bf539c\">Arzneimittelversorgung durch eine \u00f6ffentliche Apotheke: gesetzliche Erlaubnis, Art. 6 Abs. 1 S. 1 lit. b, 9 Abs. 2 DS-GVO.<br>Abrechnung gegen\u00fcber Krankenkassen: gesetzliche Erlaubnis, Art. 6 Abs. 1 S. 1 lit. b, 9 Abs. 2 DS-GVO, \u00a7 300 SGB V.<br>Kundenbindung: Einwilligungen, Art. 6 Abs. 1 S. 1 lit. a DS-GVO.<\/p>\n\n\n\n<p id=\"block-fc358a70-fede-4e6c-a3b5-27327126b75f\">Bereitstellung der personenbezogenen Daten f\u00fcr einen Vertragsabschluss erforderlich:<br>Ja, was die Versorgung mit verschreibungspflichtigen Arzneimitteln betrifft, die ansonsten nicht erfolgen kann.<br>\ufeff<\/p>\n\n\n\n<ul class=\"wp-block-list\" id=\"block-4a4b9938-e0e4-4461-8517-ee7171f38d6b\"><li>Kategorien von Empf\u00e4ngern der personenbezogenen Daten:<\/li><\/ul>\n\n\n\n<p id=\"block-8fa94eee-062a-49a2-b18e-71c4d6ec42b4\">Intern: Mitarbeiter in Haupt- und Filialapotheken, die an der Ausf\u00fchrung und Erf\u00fcllung der jeweiligen Informationsprozesse beteiligt sind.<br>Extern: externe Stellen, mit denen Auftragsdatenverarbeitungsvertr\u00e4ge gem. Art. 28 DS-GVO abgeschlossen werden, wie z.B. Krankenkassen und Apotheken-Abrechnungsstellen; \u00c4rzte, Krankenh\u00e4user, Therapeuten, Betreuungs- und Pflegeeinrichtungen; \u00f6ffentliche Stellen, die Daten aufgrund gesetzlicher Vorschriften erhalten, wie z.B. Finanzbeh\u00f6rden und Sozialversicherungstr\u00e4ger; EDV-Dienstleister; Steuerberater.<\/p>\n\n\n\n<ul class=\"wp-block-list\" id=\"block-3b7076c3-4654-45a9-b003-da6736050a45\"><li>Eine Auslands\u00fcbermittlung findet nicht statt und ist nicht vorgesehen.<\/li><li>Die Ziff. 1 und 2 dieser Datenschutzerkl\u00e4rung gelten auch bei Datenerhebungen im Sinne von Ziff. 10.<\/li><\/ul>\n\n\n\n<p id=\"block-0eeba7c3-cc73-42e1-9fbf-0c5c277d2f51\"><strong>11. Widerspruchsrecht<\/strong><\/p>\n\n\n\n<p id=\"block-92ec4c7b-01d1-43bf-b803-01e66bc94ab9\"><br>Sie haben das Recht, aus Gr\u00fcnden, die sich aus ihrer besonderen Situation ergeben, jederzeit gegen die Verarbeitung der Sie betreffenden personenbezogenen Daten, die aufgrund von Art.&nbsp;6 Abs.&nbsp;1 lit.&nbsp;e oder f DSGVO erfolgt, Widerspruch einzulegen; dies gilt auch f\u00fcr ein auf diese Bestimmungen gest\u00fctztes Profiling.<br>Der Verantwortliche verarbeitet die Sie betreffenden personenbezogenen Daten nicht mehr, es sei denn, er kann zwingende schutzw\u00fcrdige Gr\u00fcnde f\u00fcr die Verarbeitung nachweisen, die Ihre Interessen, Rechte und Freiheiten \u00fcberwiegen, oder die Verarbeitung dient der Geltendmachung, Aus\u00fcbung oder Verteidigung von Rechtsanspr\u00fcchen.<br>Werden die Sie betreffenden personenbezogenen Daten verarbeitet, um Direktwerbung zu betreiben, haben Sie das Recht, jederzeit Widerspruch gegen die Verarbeitung der Sie betreffenden personenbezogenen Daten zum Zwecke derartiger Werbung einzulegen; dies gilt auch f\u00fcr das Profiling, soweit es mit solcher Direktwerbung in Verbindung steht.<br>Widersprechen Sie der Verarbeitung f\u00fcr Zwecke der Direktwerbung, so werden die Sie betreffenden personenbezogenen Daten nicht mehr f\u00fcr diese Zwecke verarbeitet.<br>Sie haben die M\u00f6glichkeit, im Zusammenhang mit der Nutzung von Diensten der Informationsgesellschaft \u2013 ungeachtet der Richtlinie 2002\/58\/EG \u2013 Ihr Widerspruchsrecht mittels automatisierter Verfahren auszu\u00fcben, bei denen technische Spezifikationen verwendet werden.<\/p>\n\n\n\n<p id=\"block-c5b87ca1-fe01-410f-893e-498e326ee2c5\"><strong>12. Recht auf Widerruf der datenschutzrechtlichen Einwilligungserkl\u00e4rung<\/strong><br>\ufeff<\/p>\n\n\n\n<p id=\"block-b1386723-d77f-49fd-bec2-cd14fda27db5\">Sie haben das Recht, Ihre datenschutzrechtliche Einwilligungserkl\u00e4rung jederzeit zu widerrufen. Durch den Widerruf der Einwilligung wird die Rechtm\u00e4\u00dfigkeit der aufgrund der Einwilligung bis zum Widerruf erfolgten Verarbeitung nicht ber\u00fchrt.<\/p>\n\n\n\n<ul class=\"wp-block-list\" id=\"block-8f5985ef-6931-4b64-9985-b44e07b085b4\"><li>Automatisierte Entscheidung im Einzelfall einschlie\u00dflich Profiling<br>Sie haben das Recht, nicht einer ausschlie\u00dflich auf einer automatisierten Verarbeitung \u2013 einschlie\u00dflich Profiling \u2013 beruhenden Entscheidung unterworfen zu werden, die Ihnen gegen\u00fcber rechtliche Wirkung entfaltet oder Sie in \u00e4hnlicher Weise erheblich beeintr\u00e4chtigt. Dies gilt nicht, wenn die Entscheidung<\/li><\/ul>\n\n\n\n<p id=\"block-fc6903e0-028b-4508-973c-c188d99baadc\">f\u00fcr den Abschluss oder die Erf\u00fcllung eines Vertrags zwischen Ihnen und dem Verantwortlichen erforderlich ist,<\/p>\n\n\n\n<p id=\"block-dcd14f66-f7c0-4c1c-bc0b-c7ed505391d8\">aufgrund von Rechtsvorschriften der Union oder der Mitgliedstaaten, denen der Verantwortliche unterliegt, zul\u00e4ssig ist und diese Rechtsvorschriften angemessene Ma\u00dfnahmen zur Wahrung Ihrer Rechte und Freiheiten sowie Ihrer berechtigten Interessen enthalten oder<\/p>\n\n\n\n<p id=\"block-22e4bdac-0e77-4349-8908-3b91ca2975a8\">mit Ihrer ausdr\u00fccklichen Einwilligung erfolgt.<br>\ufeff<\/p>\n\n\n\n<p id=\"block-b88a06d8-29b6-4537-b88d-9c05f5174d7b\">Allerdings d\u00fcrfen diese Entscheidungen nicht auf besonderen Kategorien personenbezogener Daten nach Art.&nbsp;9 Abs.&nbsp;1 DSGVO beruhen, sofern nicht Art.&nbsp;9 Abs.&nbsp;2 lit.&nbsp;a oder g DSGVO gilt und angemessene Ma\u00dfnahmen zum Schutz der Rechte und Freiheiten sowie Ihrer berechtigten Interessen getroffen wurden.<br>Hinsichtlich der in (1) und (3) genannten F\u00e4lle trifft der Verantwortliche angemessene Ma\u00dfnahmen, um die Rechte und Freiheiten sowie Ihre berechtigten Interessen zu wahren, wozu mindestens das Recht auf Erwirkung des Eingreifens einer Person seitens des Verantwortlichen, auf Darlegung des eigenen Standpunkts und auf Anfechtung der Entscheidung geh\u00f6rt.<\/p>\n\n\n\n<ul class=\"wp-block-list\" id=\"block-ce4ad940-e955-4bea-a7b5-659f1520724f\"><li>Recht auf Beschwerde bei einer Aufsichtsbeh\u00f6rde:<br>Unbeschadet eines anderweitigen verwaltungsrechtlichen oder gerichtlichen Rechtsbehelfs steht Ihnen das Recht auf Beschwerde bei einer Aufsichtsbeh\u00f6rde, insbesondere in dem Mitgliedstaat ihres Aufenthaltsorts, ihres Arbeitsplatzes oder des Orts des mutma\u00dflichen Versto\u00dfes, zu, wenn Sie der Ansicht sind, dass die Verarbeitung der Sie betreffenden personenbezogenen Daten gegen die DSGVO verst\u00f6\u00dft.<br>Die Aufsichtsbeh\u00f6rde, bei der die Beschwerde eingereicht wurde, unterrichtet den Beschwerdef\u00fchrer \u00fcber den Stand und die Ergebnisse der Beschwerde einschlie\u00dflich der M\u00f6glichkeit eines gerichtlichen Rechtsbehelfs nach Art.&nbsp;78 DSGVO.<br>Ein Verzeichnis der Aufsichtsbeh\u00f6rden finden Sie, wenn Sie nachfolgenden Link anklicken:<\/li><li><a rel=\"noreferrer noopener\" href=\"https:\/\/www.datenschutz-wiki.de\/Aufsichtsbeh%C3%B6rden_und_Landesdatenschutzbeauftragte\" target=\"_blank\">https:\/\/www.datenschutz-wiki.de\/Aufsichtsbeh\u00f6rden_und_Landesdatenschutzbeauftragte<\/a><\/li><\/ul>\n","protected":false},"excerpt":{"rendered":"<p>Datenschutzerkl\u00e4rung nach den Vorgaben der DSGVO Wir freuen uns \u00fcber Ihr Interesse an unserer Internetpr\u00e4senz. Der Schutz Ihrer Privatsph\u00e4re ist f\u00fcr uns nat\u00fcrlich wichtig. Hier informieren wir Sie ausf\u00fchrlich \u00fcber den Umgang mit Ihren Daten. Name und Anschrift der Verantwortlichen Die Verantwortliche im Sinne der Datenschutz-Grundverordnung und anderer nationaler Datenschutzgesetze der Mitgliedsstaaten sowie sonstiger datenschutzrechtlicher &hellip; <a href=\"http:\/\/www.apotheke-fuessen.de\/index.php\/datenschutzerklaerung\/\" class=\"more-link\"><span class=\"screen-reader-text\">Datenschutzerkl\u00e4rung<\/span> weiterlesen <span class=\"meta-nav\">&rarr;<\/span><\/a><\/p>\n","protected":false},"author":2,"featured_media":0,"parent":0,"menu_order":6,"comment_status":"closed","ping_status":"closed","template":"","meta":{"footnotes":""},"class_list":["post-405","page","type-page","status-publish","hentry"],"_links":{"self":[{"href":"http:\/\/www.apotheke-fuessen.de\/index.php\/wp-json\/wp\/v2\/pages\/405","targetHints":{"allow":["GET"]}}],"collection":[{"href":"http:\/\/www.apotheke-fuessen.de\/index.php\/wp-json\/wp\/v2\/pages"}],"about":[{"href":"http:\/\/www.apotheke-fuessen.de\/index.php\/wp-json\/wp\/v2\/types\/page"}],"author":[{"embeddable":true,"href":"http:\/\/www.apotheke-fuessen.de\/index.php\/wp-json\/wp\/v2\/users\/2"}],"replies":[{"embeddable":true,"href":"http:\/\/www.apotheke-fuessen.de\/index.php\/wp-json\/wp\/v2\/comments?post=405"}],"version-history":[{"count":2,"href":"http:\/\/www.apotheke-fuessen.de\/index.php\/wp-json\/wp\/v2\/pages\/405\/revisions"}],"predecessor-version":[{"id":407,"href":"http:\/\/www.apotheke-fuessen.de\/index.php\/wp-json\/wp\/v2\/pages\/405\/revisions\/407"}],"wp:attachment":[{"href":"http:\/\/www.apotheke-fuessen.de\/index.php\/wp-json\/wp\/v2\/media?parent=405"}],"curies":[{"name":"wp","href":"https:\/\/api.w.org\/{rel}","templated":true}]}}